{"id":1786,"date":"2020-12-12T13:41:44","date_gmt":"2020-12-12T15:41:44","guid":{"rendered":"http:\/\/dc-ar.com.br\/es\/?post_type=product&#038;p=1786"},"modified":"2021-08-28T17:30:12","modified_gmt":"2021-08-28T20:30:12","slug":"mariner-320-l-min","status":"publish","type":"product","link":"https:\/\/dc-ar.com.br\/es\/store\/bauer\/compresor-aire-respirable\/compresor-de-aire-portatil\/mariner-320-l-min\/","title":{"rendered":"Mariner 320 l\/min"},"content":{"rendered":"<p>Las m\u00e1ximas prestaciones en un espacio m\u00ednimo hacen del MARINER 320 el buque insignia de la serie PROFI-LINE II.<\/p>\n<p>Disponible en versi\u00f3n el\u00e9ctrica o de gasolina y equipada con cuatro mangueras de llenado en el volumen de suministro est\u00e1ndar. Disponible opcionalmente en una versi\u00f3n de hasta 420 bar.<\/p>\n<p>El bloque extremadamente robusto y los componentes resistentes a la corrosi\u00f3n tambi\u00e9n permiten su uso en las condiciones clim\u00e1ticas m\u00e1s duras.<\/p>\n<p>Gracias al amplio programa de accesorios BAUER, la MARINER 320 puede adaptarse a las m\u00e1s diversas exigencias y condiciones de uso.<\/p>\n<p>Perfecto como compresor para inmersi\u00f3n, compresor para barcos, para montar en yates, compresor para estaciones de bombeo, para paintball y para muchas otras aplicaciones.<\/p>\n","protected":false},"excerpt":{"rendered":"<p><strong>Muy alto rendimiento, m\u00ednimo requerimiento de espacio:<\/strong> la exitosa serie PROFI-LINE II.<\/p>\n<p><strong>Uno de los compresores port\u00e1tiles m\u00e1s potentes del mundo:<\/strong> con 320 l\/min.<\/p>\n<p><strong>Extremadamente robusto y resistente a la corrosi\u00f3n:<\/strong> para utilizarlo en las condiciones m\u00e1s duras.<\/p>\n<p><strong>Amplias posibilidades de ampliaci\u00f3n:<\/strong> gracias a la gama de accesorios de BAUER.<\/p>\n","protected":false},"featured_media":1787,"template":"","meta":[],"yoast_head":"<!-- This site is optimized with the Yoast SEO plugin v15.6.2 - https:\/\/yoast.com\/wordpress\/plugins\/seo\/ -->\n<title>Mariner 320 l\/min - DCAR - Bauer Kompressoren &amp; Ingersoll Rand<\/title>\n<meta name=\"description\" content=\"Las m\u00e1ximas prestaciones en un espacio m\u00ednimo hacen del MARINER 320 el buque insignia de la serie PROFI-LINE II.\" \/>\n<meta name=\"robots\" content=\"index, follow, max-snippet:-1, max-image-preview:large, max-video-preview:-1\" \/>\n<link rel=\"canonical\" href=\"https:\/\/dc-ar.com.br\/es\/store\/bauer\/compresor-aire-respirable\/compresor-de-aire-portatil\/mariner-320-l-min\/\" \/>\n<meta property=\"og:locale\" content=\"es_ES\" \/>\n<meta property=\"og:type\" content=\"article\" \/>\n<meta property=\"og:title\" content=\"Mariner 320 l\/min - DCAR - Bauer Kompressoren &amp; Ingersoll Rand\" \/>\n<meta property=\"og:description\" content=\"Las m\u00e1ximas prestaciones en un espacio m\u00ednimo hacen del MARINER 320 el buque insignia de la serie PROFI-LINE II.\" \/>\n<meta property=\"og:url\" content=\"https:\/\/dc-ar.com.br\/es\/store\/bauer\/compresor-aire-respirable\/compresor-de-aire-portatil\/mariner-320-l-min\/\" \/>\n<meta property=\"og:site_name\" content=\"DCAR - Bauer Kompressoren &amp; Ingersoll Rand\" \/>\n<meta property=\"article:modified_time\" content=\"2021-08-28T20:30:12+00:00\" \/>\n<meta property=\"og:image\" content=\"https:\/\/dc-ar.com.br\/es\/wp-content\/uploads\/2020\/12\/Mariner320a.jpg\" \/>\n\t<meta property=\"og:image:width\" content=\"500\" \/>\n\t<meta property=\"og:image:height\" content=\"406\" \/>\n<meta name=\"twitter:card\" content=\"summary_large_image\" \/>\n<meta name=\"twitter:label1\" content=\"Tiempo de lectura\">\n\t<meta name=\"twitter:data1\" content=\"1 minuto\">\n<script type=\"application\/ld+json\" class=\"yoast-schema-graph\">{\"@context\":\"https:\/\/schema.org\",\"@graph\":[{\"@type\":\"WebSite\",\"@id\":\"https:\/\/dc-ar.com.br\/es\/#website\",\"url\":\"https:\/\/dc-ar.com.br\/es\/\",\"name\":\"DCAR - Bauer Kompressoren &amp; Ingersoll Rand\",\"description\":\"\",\"potentialAction\":[{\"@type\":\"SearchAction\",\"target\":\"https:\/\/dc-ar.com.br\/es\/?s={search_term_string}\",\"query-input\":\"required name=search_term_string\"}],\"inLanguage\":\"es\"},{\"@type\":\"ImageObject\",\"@id\":\"https:\/\/dc-ar.com.br\/es\/store\/bauer\/compresor-aire-respirable\/compresor-de-aire-portatil\/mariner-320-l-min\/#primaryimage\",\"inLanguage\":\"es\",\"url\":\"https:\/\/dc-ar.com.br\/es\/wp-content\/uploads\/2020\/12\/Mariner320a.jpg\",\"width\":500,\"height\":406},{\"@type\":\"WebPage\",\"@id\":\"https:\/\/dc-ar.com.br\/es\/store\/bauer\/compresor-aire-respirable\/compresor-de-aire-portatil\/mariner-320-l-min\/#webpage\",\"url\":\"https:\/\/dc-ar.com.br\/es\/store\/bauer\/compresor-aire-respirable\/compresor-de-aire-portatil\/mariner-320-l-min\/\",\"name\":\"Mariner 320 l\/min - DCAR - Bauer Kompressoren &amp; Ingersoll Rand\",\"isPartOf\":{\"@id\":\"https:\/\/dc-ar.com.br\/es\/#website\"},\"primaryImageOfPage\":{\"@id\":\"https:\/\/dc-ar.com.br\/es\/store\/bauer\/compresor-aire-respirable\/compresor-de-aire-portatil\/mariner-320-l-min\/#primaryimage\"},\"datePublished\":\"2020-12-12T15:41:44+00:00\",\"dateModified\":\"2021-08-28T20:30:12+00:00\",\"description\":\"Las m\\u00e1ximas prestaciones en un espacio m\\u00ednimo hacen del MARINER 320 el buque insignia de la serie PROFI-LINE II.\",\"inLanguage\":\"es\",\"potentialAction\":[{\"@type\":\"ReadAction\",\"target\":[\"https:\/\/dc-ar.com.br\/es\/store\/bauer\/compresor-aire-respirable\/compresor-de-aire-portatil\/mariner-320-l-min\/\"]}]}]}<\/script>\n<!-- \/ Yoast SEO plugin. -->","_links":{"self":[{"href":"https:\/\/dc-ar.com.br\/es\/wp-json\/wp\/v2\/product\/1786"}],"collection":[{"href":"https:\/\/dc-ar.com.br\/es\/wp-json\/wp\/v2\/product"}],"about":[{"href":"https:\/\/dc-ar.com.br\/es\/wp-json\/wp\/v2\/types\/product"}],"wp:featuredmedia":[{"embeddable":true,"href":"https:\/\/dc-ar.com.br\/es\/wp-json\/wp\/v2\/media\/1787"}],"wp:attachment":[{"href":"https:\/\/dc-ar.com.br\/es\/wp-json\/wp\/v2\/media?parent=1786"}],"curies":[{"name":"wp","href":"https:\/\/api.w.org\/{rel}","templated":true}]}}