{"id":1781,"date":"2020-12-12T13:31:54","date_gmt":"2020-12-12T15:31:54","guid":{"rendered":"http:\/\/dc-ar.com.br\/es\/?post_type=product&#038;p=1781"},"modified":"2021-08-28T17:33:09","modified_gmt":"2021-08-28T20:33:09","slug":"mariner-200-l-min","status":"publish","type":"product","link":"http:\/\/dc-ar.com.br\/es\/store\/bauer\/compresor-aire-respirable\/compresor-de-aire-portatil\/mariner-200-l-min\/","title":{"rendered":"Mariner 200 l\/min"},"content":{"rendered":"<p>Con un caudal de 200 l\/min, el MARINER 200 es el sistema de compresores port\u00e1til m\u00e1s vers\u00e1til de la serie PROFI-LINE II con un equipamiento impresionante: el bastidor resistente a la corrosi\u00f3n para el montaje de accesorios est\u00e1 integrado de serie.<\/p>\n<p>La primera etapa y la etapa final de alta presi\u00f3n de la MARINER 200 tambi\u00e9n est\u00e1n equipadas con anillos de pist\u00f3n de bajo desgaste hechos de un nuevo pl\u00e1stico de alta tecnolog\u00eda.<\/p>\n<p>La estructura de baja vibraci\u00f3n del soporte el\u00e1stico del motor garantiza la alta estabilidad de funcionamiento del sistema.<\/p>\n<p>Gracias a la amplia gama de accesorios de BAUER, el compresor puede adaptarse r\u00e1pidamente a las m\u00e1s diversas necesidades y aplicaciones.<\/p>\n<p>Perfecto como compresor para inmersi\u00f3n, compresor para barcos, para montar en yates, compresor para estaciones de bombeo, para paintball y para muchas otras aplicaciones. Disponible en versi\u00f3n el\u00e9ctrica y de gasolina.<\/p>\n","protected":false},"excerpt":{"rendered":"<p><strong>Resistencia probada:<\/strong> gracias a sus potentes motores. Para el uso a corto plazo y el funcionamiento continuo.<\/p>\n<p><strong>Duradero y robusto:<\/strong> el bastidor de tres etapas y los rodamientos industriales permiten una larga vida \u00fatil del sistema.<\/p>\n<p><strong>Protecci\u00f3n contra la corrosi\u00f3n:<\/strong> con un marco de aluminio ultraligero para la mejor protecci\u00f3n contra la corrosi\u00f3n.<\/p>\n<p><strong>Lubricaci\u00f3n fiable:<\/strong> con una gran bomba de aceite de baja presi\u00f3n.<\/p>\n","protected":false},"featured_media":1783,"template":"","meta":[],"yoast_head":"<!-- This site is optimized with the Yoast SEO plugin v15.6.2 - https:\/\/yoast.com\/wordpress\/plugins\/seo\/ -->\n<title>Mariner 200 l\/min - DCAR - Bauer Kompressoren &amp; Ingersoll Rand<\/title>\n<meta name=\"description\" content=\"Con un caudal de 200 l\/min, el MARINER 200 es el sistema de compresores port\u00e1til m\u00e1s vers\u00e1til de la serie PROFI-LINE II.\" \/>\n<meta name=\"robots\" content=\"index, follow, max-snippet:-1, max-image-preview:large, max-video-preview:-1\" \/>\n<link rel=\"canonical\" href=\"https:\/\/dc-ar.com.br\/es\/store\/bauer\/compresor-aire-respirable\/compresor-de-aire-portatil\/mariner-200-l-min\/\" \/>\n<meta property=\"og:locale\" content=\"es_ES\" \/>\n<meta property=\"og:type\" content=\"article\" \/>\n<meta property=\"og:title\" content=\"Mariner 200 l\/min - DCAR - Bauer Kompressoren &amp; Ingersoll Rand\" \/>\n<meta property=\"og:description\" content=\"Con un caudal de 200 l\/min, el MARINER 200 es el sistema de compresores port\u00e1til m\u00e1s vers\u00e1til de la serie PROFI-LINE II.\" \/>\n<meta property=\"og:url\" content=\"https:\/\/dc-ar.com.br\/es\/store\/bauer\/compresor-aire-respirable\/compresor-de-aire-portatil\/mariner-200-l-min\/\" \/>\n<meta property=\"og:site_name\" content=\"DCAR - Bauer Kompressoren &amp; Ingersoll Rand\" \/>\n<meta property=\"article:modified_time\" content=\"2021-08-28T20:33:09+00:00\" \/>\n<meta property=\"og:image\" content=\"http:\/\/dc-ar.com.br\/es\/wp-content\/uploads\/2020\/12\/Mariner200a.jpg\" \/>\n\t<meta property=\"og:image:width\" content=\"500\" \/>\n\t<meta property=\"og:image:height\" content=\"407\" \/>\n<meta name=\"twitter:card\" content=\"summary_large_image\" \/>\n<meta name=\"twitter:label1\" content=\"Tiempo de lectura\">\n\t<meta name=\"twitter:data1\" content=\"1 minuto\">\n<script type=\"application\/ld+json\" class=\"yoast-schema-graph\">{\"@context\":\"https:\/\/schema.org\",\"@graph\":[{\"@type\":\"WebSite\",\"@id\":\"https:\/\/dc-ar.com.br\/es\/#website\",\"url\":\"https:\/\/dc-ar.com.br\/es\/\",\"name\":\"DCAR - Bauer Kompressoren &amp; Ingersoll Rand\",\"description\":\"\",\"potentialAction\":[{\"@type\":\"SearchAction\",\"target\":\"https:\/\/dc-ar.com.br\/es\/?s={search_term_string}\",\"query-input\":\"required name=search_term_string\"}],\"inLanguage\":\"es\"},{\"@type\":\"ImageObject\",\"@id\":\"https:\/\/dc-ar.com.br\/es\/store\/bauer\/compresor-aire-respirable\/compresor-de-aire-portatil\/mariner-200-l-min\/#primaryimage\",\"inLanguage\":\"es\",\"url\":\"http:\/\/dc-ar.com.br\/es\/wp-content\/uploads\/2020\/12\/Mariner200a.jpg\",\"width\":500,\"height\":407},{\"@type\":\"WebPage\",\"@id\":\"https:\/\/dc-ar.com.br\/es\/store\/bauer\/compresor-aire-respirable\/compresor-de-aire-portatil\/mariner-200-l-min\/#webpage\",\"url\":\"https:\/\/dc-ar.com.br\/es\/store\/bauer\/compresor-aire-respirable\/compresor-de-aire-portatil\/mariner-200-l-min\/\",\"name\":\"Mariner 200 l\/min - DCAR - Bauer Kompressoren &amp; Ingersoll Rand\",\"isPartOf\":{\"@id\":\"https:\/\/dc-ar.com.br\/es\/#website\"},\"primaryImageOfPage\":{\"@id\":\"https:\/\/dc-ar.com.br\/es\/store\/bauer\/compresor-aire-respirable\/compresor-de-aire-portatil\/mariner-200-l-min\/#primaryimage\"},\"datePublished\":\"2020-12-12T15:31:54+00:00\",\"dateModified\":\"2021-08-28T20:33:09+00:00\",\"description\":\"Con un caudal de 200 l\/min, el MARINER 200 es el sistema de compresores port\\u00e1til m\\u00e1s vers\\u00e1til de la serie PROFI-LINE II.\",\"inLanguage\":\"es\",\"potentialAction\":[{\"@type\":\"ReadAction\",\"target\":[\"https:\/\/dc-ar.com.br\/es\/store\/bauer\/compresor-aire-respirable\/compresor-de-aire-portatil\/mariner-200-l-min\/\"]}]}]}<\/script>\n<!-- \/ Yoast SEO plugin. -->","_links":{"self":[{"href":"http:\/\/dc-ar.com.br\/es\/wp-json\/wp\/v2\/product\/1781"}],"collection":[{"href":"http:\/\/dc-ar.com.br\/es\/wp-json\/wp\/v2\/product"}],"about":[{"href":"http:\/\/dc-ar.com.br\/es\/wp-json\/wp\/v2\/types\/product"}],"wp:featuredmedia":[{"embeddable":true,"href":"http:\/\/dc-ar.com.br\/es\/wp-json\/wp\/v2\/media\/1783"}],"wp:attachment":[{"href":"http:\/\/dc-ar.com.br\/es\/wp-json\/wp\/v2\/media?parent=1781"}],"curies":[{"name":"wp","href":"https:\/\/api.w.org\/{rel}","templated":true}]}}